{"id":70,"date":"2013-12-03T09:58:26","date_gmt":"2013-12-03T08:58:26","guid":{"rendered":"http:\/\/schraeglagen-training.de\/2.0\/?page_id=70"},"modified":"2025-10-26T13:53:59","modified_gmt":"2025-10-26T12:53:59","slug":"anmeldung","status":"publish","type":"page","link":"https:\/\/schraeglagen-training.de\/2.0\/anmeldung\/","title":{"rendered":"Anmeldung\/Preise"},"content":{"rendered":"<p>Wir, das <strong>TEAM Schraeglagen-Training.de<\/strong>, bieten Euch ein perfektes Paket rund um das Thema <strong>&#8222;sicheres Motorrad fahren mit Spa\u00df&#8220;<\/strong> mit folgenden Optionen an.<\/p>\n<p><strong>Am einfachsten geht die Anmeldung \u00fcber das untenstehende Online-Formular; bitte vollst\u00e4ndig ausf\u00fcllen und per Klick auf den &#8222;Senden&#8220;-Button an uns \u00fcbertragen<\/strong>.<\/p>\n<p><strong>Beim Schr\u00e4glagen-Einzeltraining (Infos unter &#8222;Das Training&#8220;) bitte im Formular unter Anmerkungen &#8222;Einzeltraining&#8220; angeben.\u00a0<\/strong><\/p>\n<p>Alternativ k\u00f6nnt Ihr aber auch die Anmeldeformulare als PDF-Dateien<\/p>\n<p><a href=\"https:\/\/schraeglagen-training.de\/2.0\/wp-content\/uploads\/2023\/10\/slt-de_anmeldung_24.pdf\">Anmeldung Schr\u00e4glagen-Training<\/a><\/p>\n<p><a href=\"https:\/\/schraeglagen-training.de\/2.0\/wp-content\/uploads\/2023\/10\/slt-de_anmeldung_Kombitraining_24-1.pdf\">Anmeldung Kombitraining<\/a><\/p>\n<p><a href=\"https:\/\/schraeglagen-training.de\/2.0\/wp-content\/uploads\/2023\/10\/slt-de_anmeldung_intensivtraining_24.pdf\">Anmeldung Intensivtraining<\/a><\/p>\n<p><a href=\"https:\/\/schraeglagen-training.de\/2.0\/wp-content\/uploads\/2025\/10\/Anmeldung-Metz-I_2026.pdf\">Anmeldung Fahrertraining Metz I (29.-30.05.2026)<\/a><\/p>\n<p><a href=\"https:\/\/schraeglagen-training.de\/2.0\/wp-content\/uploads\/2025\/10\/Anmeldung-Metz-II_2026-1.pdf\">Anmeldung Fahrertraining Metz II (30.07.-01.08.2026)<\/a><\/p>\n<p>herunterladen, ausf\u00fcllen und uns als Anhang mailen. Bei Fragen meldet Euch einfach kurz bei uns, Anruf oder Email gen\u00fcgen.<\/p>\n<p>Nach Eingang der Anmeldung erhaltet Ihr eine schriftliche Best\u00e4tigung mit der Angabe der Bankverbindung; die volle Trainingsgeb\u00fchr (Preise siehe linke Spalte) bitte nach Eingang der Best\u00e4tigung auf das dort angegebene Konto \u00fcberweisen, damit Euch der Trainingsplatz auch sicher ist.<\/p>\n<p>Bitte beachtet hinsichtlich eines R\u00fccktritts vom Training usw. unsere AGB.<\/p>\n\n<div class=\"wpcf7 no-js\" id=\"wpcf7-f195-o1\" lang=\"de-DE\" dir=\"ltr\" data-wpcf7-id=\"195\">\n<div class=\"screen-reader-response\"><p role=\"status\" aria-live=\"polite\" aria-atomic=\"true\"><\/p> <ul><\/ul><\/div>\n<form action=\"\/2.0\/wp-json\/wp\/v2\/pages\/70#wpcf7-f195-o1\" method=\"post\" class=\"wpcf7-form init\" aria-label=\"Kontaktformular\" novalidate=\"novalidate\" data-status=\"init\">\n<fieldset class=\"hidden-fields-container\"><input type=\"hidden\" name=\"_wpcf7\" value=\"195\" \/><input type=\"hidden\" name=\"_wpcf7_version\" value=\"6.1.5\" \/><input type=\"hidden\" name=\"_wpcf7_locale\" value=\"de_DE\" \/><input type=\"hidden\" name=\"_wpcf7_unit_tag\" value=\"wpcf7-f195-o1\" \/><input type=\"hidden\" name=\"_wpcf7_container_post\" value=\"0\" \/><input type=\"hidden\" name=\"_wpcf7_posted_data_hash\" value=\"\" \/><input type=\"hidden\" name=\"_wpcf7_recaptcha_response\" value=\"\" \/>\n<\/fieldset>\n<h1><strong>Anmeldung zum:<\/strong>\n<\/h1>\n<p style=\"font-weight:bold; padding: 5px; background-color: #f7fd9d; font-size:1.133em;\"><br \/>\n<span style=\"font-weight:normal; font-size:0.933em;\">(bitte Trainingsvariante ausw\u00e4hlen:)<\/span>\n<\/p>\n<p><span class=\"wpcf7-form-control-wrap\" data-name=\"Trainingsart\"><span class=\"wpcf7-form-control wpcf7-radio\"><span class=\"wpcf7-list-item first\"><input type=\"radio\" name=\"Trainingsart\" value=\"Schr\u00e4glagen-Training\" checked=\"checked\" tabindex=\"1\" \/><span class=\"wpcf7-list-item-label\">Schr\u00e4glagen-Training<\/span><\/span><span class=\"wpcf7-list-item\"><input type=\"radio\" name=\"Trainingsart\" value=\"Kombi-Training\" tabindex=\"2\" \/><span class=\"wpcf7-list-item-label\">Kombi-Training<\/span><\/span><span class=\"wpcf7-list-item\"><input type=\"radio\" name=\"Trainingsart\" value=\"Intensiv-Training\" tabindex=\"3\" \/><span class=\"wpcf7-list-item-label\">Intensiv-Training<\/span><\/span><span class=\"wpcf7-list-item\"><input type=\"radio\" name=\"Trainingsart\" value=\"Metz I 29. und 30.05.2026\" tabindex=\"4\" \/><span class=\"wpcf7-list-item-label\">Metz I 29. und 30.05.2026<\/span><\/span><span class=\"wpcf7-list-item\"><input type=\"radio\" name=\"Trainingsart\" value=\"Metz I 29.05.2026\" tabindex=\"5\" \/><span class=\"wpcf7-list-item-label\">Metz I 29.05.2026<\/span><\/span><span class=\"wpcf7-list-item\"><input type=\"radio\" name=\"Trainingsart\" value=\"Metz I 30.05.2026\" tabindex=\"6\" \/><span class=\"wpcf7-list-item-label\">Metz I 30.05.2026<\/span><\/span><span class=\"wpcf7-list-item\"><input type=\"radio\" name=\"Trainingsart\" value=\"Metz II 30.7.-01.08.2026\" tabindex=\"7\" \/><span class=\"wpcf7-list-item-label\">Metz II 30.7.-01.08.2026<\/span><\/span><span class=\"wpcf7-list-item\"><input type=\"radio\" name=\"Trainingsart\" value=\"Metz II 30.07.-31.07.2026\" tabindex=\"8\" \/><span class=\"wpcf7-list-item-label\">Metz II 30.07.-31.07.2026<\/span><\/span><span class=\"wpcf7-list-item last\"><input type=\"radio\" name=\"Trainingsart\" value=\"Metz II 01.08.2026\" tabindex=\"9\" \/><span class=\"wpcf7-list-item-label\">Metz II 01.08.2026<\/span><\/span><\/span><\/span>\n<\/p>\n\n<!-- linke spalte -->\n<div class=\"column twocol\">\n\t<p>Vorname (Pflichtfeld)<br \/>\n<span class=\"wpcf7-form-control-wrap\" data-name=\"Vorname\"><input size=\"40\" maxlength=\"400\" class=\"wpcf7-form-control wpcf7-text wpcf7-validates-as-required\" tabindex=\"2\" aria-required=\"true\" aria-invalid=\"false\" value=\"\" type=\"text\" name=\"Vorname\" \/><\/span>\n\t<\/p>\n\t<p>Stra\u00dfe und Hausnummer (Pflichtfeld)<br \/>\n<span class=\"wpcf7-form-control-wrap\" data-name=\"Strasse\"><input size=\"40\" maxlength=\"400\" class=\"wpcf7-form-control wpcf7-text wpcf7-validates-as-required\" tabindex=\"4\" aria-required=\"true\" aria-invalid=\"false\" value=\"\" type=\"text\" name=\"Strasse\" \/><\/span>\n\t<\/p>\n\t<p>Geburtsdatum (Pflichtfeld)<br \/>\n<span class=\"wpcf7-form-control-wrap\" data-name=\"Geburtsdatum\"><input size=\"40\" maxlength=\"400\" class=\"wpcf7-form-control wpcf7-text wpcf7-validates-as-required\" tabindex=\"7\" aria-required=\"true\" aria-invalid=\"false\" value=\"\" type=\"text\" name=\"Geburtsdatum\" \/><\/span>\n\t<\/p>\n\t<p>Telefon<br \/>\n<span class=\"wpcf7-form-control-wrap\" data-name=\"Telefon\"><input size=\"40\" maxlength=\"400\" class=\"wpcf7-form-control wpcf7-text\" tabindex=\"9\" aria-invalid=\"false\" value=\"\" type=\"text\" name=\"Telefon\" \/><\/span>\n\t<\/p>\n\t<p>K\u00f6rpergr\u00f6\u00dfe<br \/>\n<span class=\"wpcf7-form-control-wrap\" data-name=\"Groesse\"><input size=\"40\" maxlength=\"400\" class=\"wpcf7-form-control wpcf7-text\" tabindex=\"11\" aria-invalid=\"false\" value=\"\" type=\"text\" name=\"Groesse\" \/><\/span>\n\t<\/p>\n\t<p>F\u00fchrerscheinklasse \/ seit<br \/>\n<span class=\"wpcf7-form-control-wrap\" data-name=\"FSKlasse\"><input size=\"7\" maxlength=\"400\" class=\"wpcf7-form-control wpcf7-text\" tabindex=\"13\" aria-invalid=\"false\" value=\"\" type=\"text\" name=\"FSKlasse\" \/><\/span>&nbsp;\/&nbsp;<span class=\"wpcf7-form-control-wrap\" data-name=\"FSseit\"><input size=\"25\" maxlength=\"400\" class=\"wpcf7-form-control wpcf7-text\" tabindex=\"14\" aria-invalid=\"false\" value=\"\" type=\"text\" name=\"FSseit\" \/><\/span>\n\t<\/p>\n<\/div>\n\n<!-- rechte spalte -->\n<div class=\"column twocol\">\n\t<p>Nachname (Pflichtfeld)<br \/>\n<span class=\"wpcf7-form-control-wrap\" data-name=\"Nachname\"><input size=\"40\" maxlength=\"400\" class=\"wpcf7-form-control wpcf7-text wpcf7-validates-as-required\" tabindex=\"3\" aria-required=\"true\" aria-invalid=\"false\" value=\"\" type=\"text\" name=\"Nachname\" \/><\/span>\n\t<\/p>\n\t<p>Postleitzahl und Ort (Pflichtfelder)<br \/>\n<span class=\"wpcf7-form-control-wrap\" data-name=\"PLZ\"><input size=\"7\" maxlength=\"9\" class=\"wpcf7-form-control wpcf7-text wpcf7-validates-as-required\" tabindex=\"5\" aria-required=\"true\" aria-invalid=\"false\" value=\"\" type=\"text\" name=\"PLZ\" \/><\/span>&nbsp;<span class=\"wpcf7-form-control-wrap\" data-name=\"Ort\"><input size=\"26\" maxlength=\"200\" class=\"wpcf7-form-control wpcf7-text wpcf7-validates-as-required\" tabindex=\"6\" aria-required=\"true\" aria-invalid=\"false\" value=\"\" type=\"text\" name=\"Ort\" \/><\/span>\n\t<\/p>\n\t<p>E-Mail-Adresse (Pflichtfeld)<br \/>\n<span class=\"wpcf7-form-control-wrap\" data-name=\"your-email\"><input size=\"40\" maxlength=\"400\" class=\"wpcf7-form-control wpcf7-email wpcf7-validates-as-required wpcf7-text wpcf7-validates-as-email\" tabindex=\"8\" aria-required=\"true\" aria-invalid=\"false\" value=\"\" type=\"email\" name=\"your-email\" \/><\/span>\n\t<\/p>\n\t<p>Fahrertraining Chambley: Bitte Gruppe Freifahrer oder Instruktor nicht hier, sondern im Feld ANMERKUNGEN unten angeben<br \/>\n<span class=\"wpcf7-form-control-wrap\" data-name=\"Gruppe\"><input size=\"40\" maxlength=\"400\" class=\"wpcf7-form-control wpcf7-text\" tabindex=\"10\" aria-invalid=\"false\" value=\"\" type=\"text\" name=\"Gruppe\" \/><\/span>\n\t<\/p>\n\t<p>Derzeitiges Motorrad<br \/>\n<span class=\"wpcf7-form-control-wrap\" data-name=\"Moto\"><input size=\"40\" maxlength=\"400\" class=\"wpcf7-form-control wpcf7-text\" tabindex=\"12\" aria-invalid=\"false\" value=\"\" type=\"text\" name=\"Moto\" \/><\/span>\n\t<\/p>\n\t<p>Fahrleistung mit dem eigenen Motorrad (km\/Jahr)<br \/>\n<span class=\"wpcf7-form-control-wrap\" data-name=\"KMgefahren\"><input size=\"40\" maxlength=\"400\" class=\"wpcf7-form-control wpcf7-text\" tabindex=\"15\" aria-invalid=\"false\" value=\"\" type=\"text\" name=\"KMgefahren\" \/><\/span>\n\t<\/p>\n<\/div>\n<div class=\"clear\">\n<\/div>\n<p>Bei Schr\u00e4glagen-Training hier Wunschmotorrad ausw\u00e4hlen:\n<\/p>\n<p><strong><span class=\"wpcf7-form-control-wrap\" data-name=\"Wunschmoto\"><span class=\"wpcf7-form-control wpcf7-radio\"><span class=\"wpcf7-list-item first\"><input type=\"radio\" name=\"Wunschmoto\" value=\"egal\" checked=\"checked\" tabindex=\"16\" \/><span class=\"wpcf7-list-item-label\">egal<\/span><\/span><span class=\"wpcf7-list-item\"><input type=\"radio\" name=\"Wunschmoto\" value=\"Ducati Supersport S\" tabindex=\"17\" \/><span class=\"wpcf7-list-item-label\">Ducati Supersport S<\/span><\/span><span class=\"wpcf7-list-item last\"><input type=\"radio\" name=\"Wunschmoto\" value=\"Ducati Monster\" tabindex=\"18\" \/><span class=\"wpcf7-list-item-label\">Ducati Monster<\/span><\/span><\/span><\/span><\/strong>\n<\/p>\n<p><span style=\"font-size:0.8em\">Ein Anspruch auf Nutzung des Wunsch-Motorrades besteht nicht. Wir werden aber versuchen, nach M\u00f6glichkeit das Wunsch-Motorrad zur Verf\u00fcgung zu stellen. Aus Gr\u00fcnden des Eigenbedarfs des Platzbetreibers kann es bei Schr\u00e4glagen- und Kombi-Trainings leider zu f\u00fcr uns unvorhersehbaren Absagen kommen. Wir haben die Zusage des Betreibers, dass diese rechtzeitig an uns kommuniziert, um Euch vor einer Anreise zu informieren. Anmerkung: f\u00fcr den Anteil \"Sicherheits-Training\" aus dem Kombi-Angebot und f\u00fcr die Kurse \"Intensiv-Training\" und \"Fahrertraining in Metz\" ist das eigene Motorrad mitzubringen!<\/span>\n<\/p>\n<p>Datum Wunschtermin (Pflichtfeld bei Schr\u00e4glagen- bzw. Kombi-Training; bei Intensiv-Training und Einzelkurs Schr\u00e4glagen-Training bitte Wunsch-Uhrzeit angeben):\n<\/p>\n<p><span class=\"wpcf7-form-control-wrap\" data-name=\"Wunschtermin\"><input size=\"40\" maxlength=\"400\" class=\"wpcf7-form-control wpcf7-text\" tabindex=\"17\" aria-invalid=\"false\" value=\"\" type=\"text\" name=\"Wunschtermin\" \/><\/span>\n<\/p>\n<p><span style=\"font-size:0.8em\">Der endg\u00fcltige Termin wird nach Best\u00e4tigung der Anmeldung telefonisch oder per Mail mit dem Instruktor festgelegt<\/span>\n<\/p>\n<p>Ich m\u00f6chte gerne hin und wieder vom TEAM Schraeglagen-Training.de per Email \u00fcber Neuigkeiten rund um ihr Trainingsangebot informiert werden: <span class=\"wpcf7-form-control-wrap\" data-name=\"NL\"><span class=\"wpcf7-form-control wpcf7-radio\"><span class=\"wpcf7-list-item first\"><input type=\"radio\" name=\"NL\" value=\"Ja\" checked=\"checked\" tabindex=\"18\" \/><span class=\"wpcf7-list-item-label\">Ja<\/span><\/span><span class=\"wpcf7-list-item last\"><input type=\"radio\" name=\"NL\" value=\"Nein\" tabindex=\"19\" \/><span class=\"wpcf7-list-item-label\">Nein<\/span><\/span><\/span><\/span>\n<\/p>\n<p>Anmerkungen:\n<\/p>\n<p><span class=\"wpcf7-form-control-wrap\" data-name=\"your-message\"><textarea cols=\"100\" rows=\"3\" maxlength=\"2000\" class=\"wpcf7-form-control wpcf7-textarea\" tabindex=\"19\" aria-invalid=\"false\" name=\"your-message\"><\/textarea><\/span>\n<\/p>\n<p class=\"notice info\" style=\"font-weight: bold; margin-bottom:0px\"><span class=\"wpcf7-form-control-wrap\" data-name=\"agb\"><span class=\"wpcf7-form-control wpcf7-acceptance\"><span class=\"wpcf7-list-item\"><input type=\"checkbox\" name=\"agb\" value=\"1\" tabindex=\"20\" aria-invalid=\"false\" \/><\/span><\/span><\/span> Ich best\u00e4tige, dass ich die <a title=\"AGB\" href=\"http:\/\/schraeglagen-training.de\/anmeldung\/agb\/\">Allgemeinen Gesch\u00e4ftsbedingungen<\/a> sowie den <a title=\"Haftungsverzicht\" href=\"http:\/\/schraeglagen-training.de\/anmeldung\/haftungsverzicht\/\">Haftungsverzicht<\/a> vollst\u00e4ndig gelesen habe. Ich erkenne die Bedingungen an.\n<\/p>\n<p>&nbsp;\n<\/p>\n<p class=\"notice info\" style=\"font-weight: bold; margin-bottom:0px\"><span class=\"wpcf7-form-control-wrap\" data-name=\"ds\"><span class=\"wpcf7-form-control wpcf7-acceptance\"><span class=\"wpcf7-list-item\"><input type=\"checkbox\" name=\"ds\" value=\"1\" tabindex=\"20\" aria-invalid=\"false\" \/><\/span><\/span><\/span> Ich bin einverstanden, dass das Team Schr\u00e4glagen-Training mich kontaktiert und akzeptiere die<br \/>\n<a title=\"Datenschutzerkl\u00e4rung\" href=\"http:\/\/schraeglagen-training.de\/2.0\/datenschutzerklaerung\/\">Datenschutzerkl\u00e4rung<\/a> mit n\u00e4heren Informationen zu Widerrufs- und Nutzerrechten.\n<\/p>\n<p>&nbsp;\n<\/p>\n\n<p>Verbindlich anmelden: <input class=\"wpcf7-form-control wpcf7-submit has-spinner\" type=\"submit\" value=\"Senden\" \/>\n<\/p>\n<p>Wir versenden nach Eingang der Anmeldung eine schriftliche Rechnung\/Best\u00e4tigung.\n<\/p><div class=\"wpcf7-response-output\" aria-hidden=\"true\"><\/div>\n<\/form>\n<\/div>\n\n<p>Vielen Dank &amp; viel Spa\u00df!<\/p>\n","protected":false},"excerpt":{"rendered":"<p>Wir, das TEAM Schraeglagen-Training.de, bieten Euch ein perfektes Paket rund um das Thema &#8222;sicheres Motorrad fahren mit Spa\u00df&#8220; mit folgenden Optionen an. Am einfachsten geht die Anmeldung \u00fcber das untenstehende Online-Formular; bitte vollst\u00e4ndig ausf\u00fcllen und per Klick auf den &#8222;Senden&#8220;-Button an uns \u00fcbertragen. Beim Schr\u00e4glagen-Einzeltraining (Infos unter &#8222;Das Training&#8220;) bitte &#8230;<\/p>\n","protected":false},"author":1,"featured_media":0,"parent":0,"menu_order":0,"comment_status":"closed","ping_status":"closed","template":"","meta":{"footnotes":""},"class_list":["post-70","page","type-page","status-publish","hentry","column","onecol"],"_links":{"self":[{"href":"https:\/\/schraeglagen-training.de\/2.0\/wp-json\/wp\/v2\/pages\/70","targetHints":{"allow":["GET"]}}],"collection":[{"href":"https:\/\/schraeglagen-training.de\/2.0\/wp-json\/wp\/v2\/pages"}],"about":[{"href":"https:\/\/schraeglagen-training.de\/2.0\/wp-json\/wp\/v2\/types\/page"}],"author":[{"embeddable":true,"href":"https:\/\/schraeglagen-training.de\/2.0\/wp-json\/wp\/v2\/users\/1"}],"replies":[{"embeddable":true,"href":"https:\/\/schraeglagen-training.de\/2.0\/wp-json\/wp\/v2\/comments?post=70"}],"version-history":[{"count":50,"href":"https:\/\/schraeglagen-training.de\/2.0\/wp-json\/wp\/v2\/pages\/70\/revisions"}],"predecessor-version":[{"id":3131,"href":"https:\/\/schraeglagen-training.de\/2.0\/wp-json\/wp\/v2\/pages\/70\/revisions\/3131"}],"wp:attachment":[{"href":"https:\/\/schraeglagen-training.de\/2.0\/wp-json\/wp\/v2\/media?parent=70"}],"curies":[{"name":"wp","href":"https:\/\/api.w.org\/{rel}","templated":true}]}}